{"id":2246,"date":"2025-07-16T14:18:24","date_gmt":"2025-07-16T12:18:24","guid":{"rendered":"https:\/\/www.amicidellorgano.org\/?page_id=2246"},"modified":"2025-07-16T14:18:24","modified_gmt":"2025-07-16T12:18:24","slug":"concerti-2025","status":"publish","type":"page","link":"https:\/\/www.amicidellorgano.org\/index.php\/concerti-2025\/","title":{"rendered":"Concerti 2025"},"content":{"rendered":"<p>Il grande valore della XLVI Stagione Internazionale di Concerti sugli Organi Storici della provincia di Alessandria risiede in tanti preziosi elementi: la valorizzazione del patrimonio organario e dei luoghi che ospitano i concerti, la proposta di musiche pregevoli e di epoche diverse, lo spazio dato ad importanti esecutori.<br \/>\nSi tratta di una straordinaria opportunit\u00e0 per promuovere la cultura nelle comunit\u00e0 locali, che nei secoli passati hanno voluto dotare la loro chiesa di un organo quale strumento privilegiato per l\u2019accompagnamento delle sacre liturgie, avvicinando al Bello, e quindi al Bene, attraverso l\u2019Arte musicale.<br \/>\nLa Stagione 2025 interessa quasi venti Comuni della provincia di Alessandria e si annuncia, come sempre, di altissimo livello con alcuni elementi innovativi: una conferenza\u2010concerto volta ad indagare aspetti diversi dell&#8217;opera di Marco Enrico Bossi, massimo compositore tardo romantico italiano per organo, e uno spettacolo di sonorizzazione di un film muto destinato ad un pubblico che non segue abitualmente i concerti d&#8217;organo.<br \/>\nLa continuit\u00e0 \u00e8 uno dei tratti che aggiungono ulteriore valore alla Stagione concertistica che, dal 1978, si conferma come uno degli appuntamenti musicali pi\u00f9 importanti nella nostra provincia, rendendo merito agli organizzatori e ai tanti enti, parrocchie e appassionati, che l\u2019hanno sostenuta dal principio.<br \/>\nL\u2019augurio \u00e8 che questa iniziativa, gi\u00e0 premiata da eccellenti risultati in termini d\u2019interesse e di partecipazione, possa continuare a crescere e a diffondere la conoscenza dei patrimoni strumentali di tante straordinarie chiese della provincia di Alessandria.<br \/>\n<strong>Ing. Luigi Benzi. Presidente della Provincia di Alessandria<\/strong><\/p>\n<p>La Stagione 2025, giunta alla quarantaseiesima edizione, offrir\u00e0 in diciannove concerti una proposta come poche altre volte variegata e differenziata: ce ne sar\u00e0 veramente per tutti i gusti!<br \/>\nL&#8217;evento inaugurale, in omaggio alla parit\u00e0 di genere, sar\u00e0 affidato ad una grossa compagine corale femminile con un ex allievo del Conservatorio di Alessandria in veste di direttore e di organista; in programma motetti per organo e coro di Mendelssohn e di Brahms intercalati a brani per organo solo dei medesimi autori.<br \/>\nA due grandi donne che hanno dedicato la vita alla diffusione della musica organistica, la leggendaria artista spagnola Montserrat Torrent Serra e la famosa ed attivissima Gail Archer, che verr\u00e0 da New York a suonare per noi, sono affidati gli appuntamenti di Viguzzolo e di Varzi.<br \/>\nAnche questa volta, viste le numerose richieste, abbiamo pensato di estendere i concerti ad un paio di Comuni che per pochi chilometri eccedono la provincia di Alessandria, ma che appartengono entrambi alla Diocesi di Tortona.<br \/>\nCon il secondo concerto si aprir\u00e0 lo &#8220;Spazio Giovani&#8221;: una neodiplomata del Conservatorio di Firenze suoner\u00e0 accompagnata all&#8217;organo dal padre, noto concertista internazionale, che gi\u00e0 altre volte \u00e8 stato ospite della nostra Rassegna. Altri due giovani musicisti si esibiranno nel corso dei concerti di Serravalle Scrivia e di San Salvatore Monferrato.<br \/>\nTre fra gli ultimi appuntamenti sono dedicati alla figura di Marco Enrico Bossi in occasione del centenario della morte. Si potr\u00e0 ascoltare una significativa scelta di brani per solo organo a San Salvatore; a Tortona invece opere per organo e violino di Bossi e di autori contemporanei, mentre al quartiere Cristo di Alessandria ci sar\u00e0 un originale conferenza\u2010concerto volta ad illustrare non solo gli aspetti compositivi di Bossi, ma anche la sua attivit\u00e0 di trascrittore come pure il ricco epistolario che intrattenne con le maggiori personalit\u00e0 culturali del suo tempo, in particolare con Gabriele D&#8217;Annunzio.<br \/>\nAncora pi\u00f9 inusuale sar\u00e0 il concerto di Arquata Scrivia che vedr\u00e0 la sonorizzazione di un film muto del 1903, &#8220;La Vie et la Passion de J\u00e9sus\u2010Christ&#8221;, mediante una serie di improvvisazioni all&#8217;organo: questo evento costituisce una prima assoluta per tutti noi dopo quarantacinque anni di attivit\u00e0.<br \/>\nAvremo come sempre una carrellata di solisti di alto prestigio, provenienti da Germania, Francia, Svizzera, Spagna come pure dagli Stati Uniti.<br \/>\nSe negli anni appena trascorsi nel nostro calendario ci sono state inaugurazioni di nuovi restauri, a dimostrazione che l&#8217;attivit\u00e0 di promozione dei nostri organi storici non \u00e8 diventata sterile n\u00e8 ripiegata su s\u00e8 stessa, questa volta avremo ben due concerti &#8220;pro ripristino&#8221;, rispettivamente a Camagna ed all&#8217;Oratorio del Gonfalone di Voltaggio, dove sar\u00e0 proposto un interessante repertorio spagnolo ed italiano per organo a quattro mani. La speranza \u00e8 di riproporre fra un paio d&#8217;anni entrambe gli strumenti riportati alla piena efficienza.<br \/>\nL&#8217;esperienza dello scorso anno ci ha fatto notare come il pubblico sia assai attirato da strumenti particolarissimi e di raro ascolto, affiancati o meno all&#8217;organo. Con la speranza di &#8220;bissare&#8221; il successo conseguito in passato grazie a strumenti rari e ad accostamenti anticonvenzionali, quest&#8217;anno abbiamo reinserito il prezioso harmonium della chiesa della Pinacoteca di Voltaggio che verr\u00e0 suonato da un Maestro francese reputato fra i massimi esperti in materia.<br \/>\nTorner\u00e0 infine anche l&#8217;appuntamento con il canto gregoriano, repertorio di rara bellezza che sempre pi\u00f9 sta sparendo dalle chiese e che ormai sopravvive grazie soprattutto all&#8217;opera di artisti, musicologi e ricercatori che a fronte di studi severi si adoperano per tenerlo in vita almeno a livello concertistico.<br \/>\nUn sentito ringraziamento alle Fondazioni ed agli Enti che anche questa volta hanno voluto sostenerci, alle numerose Parrocchie, Confraternite ed Amministrazioni territoriali coinvote, ed a tutti buon ascolto<br \/>\n<strong>Gli Amici dell&#8217;Organo<\/strong><\/p>\n<p><strong>Calendario degli eventi<\/strong><br \/>\nVenerd\u00ec 11 Luglio ore 21<br \/>\nALESSANDRIA, chiesa del Carmine<br \/>\nSCHOLA CANTORUM SANTO STEFANO DI GENOVA, sezione femminile<br \/>\nVALENTINO ERMACORA, organo e direzione<\/p>\n<p>Sabato 12 luglio ore 17<br \/>\nGRONDONA, chiesa parrocchiale<br \/>\nSARA GALANTI, viola<br \/>\nANTONIO GALANTI, organo<\/p>\n<p>Domenica 13 luglio ore 18<br \/>\nNOVI LIGURE, Basilica della Maddalena<br \/>\nPAOLO BOUGEAT, organo<\/p>\n<p>Domenica 27 luglio ore 17.30<br \/>\nVOLTAGGIO, Oratorio di Nostra Signora del Gonfalone<br \/>\nANTONIO DEL PINO (Spagna) e GIOVANNIMARIA PERRUCCI, duo organistico<br \/>\nConcerto per il restauro dell&#8217;organo storico<\/p>\n<p>Marted\u00ec 29 luglio ore 21<br \/>\nVARZI, chiesa parrocchiale<br \/>\nGAIL ARCHER, organo (USA)<\/p>\n<p>Venerd\u00ec 1 agosto ore 19.15<br \/>\nCAMAGNA MONFERRATO, chiesa parrocchiale<br \/>\nMAURO PAVESE, tromba<br \/>\nALBERTO DO, organo positivo<br \/>\nConcerto per il restauro dell&#8217;organo storico<\/p>\n<p>Domenica 3 agosto ore 17<br \/>\nOTTIGLIO, chiesa parrocchiale<br \/>\nJOHANNES SKUDLIK, organo (Germania)<\/p>\n<p>Mercoled\u00ec 6 agosto ore 20.30<br \/>\nARQUATA SCRIVIA, chiesa parrocchiale<br \/>\nPAOLO ORENI, organo<br \/>\n\u2010 Improvvisazione sul film \u201cLa Vie et la Passion de Jesus\u2010Christ\u201d (1903)<br \/>\n\u2010 Improvvisazione sul tema del Giubileo 2025<\/p>\n<p>Sabato 30 agosto ore 21<br \/>\nSPIGNO MONFERRATO, chiesa parrocchiale<br \/>\nELISA TEGLIA, organo<\/p>\n<p>Domenica 31 agosto ore 16.30<br \/>\nVOLTAGGIO, Pinacoteca e convento dei Cappuccini<br \/>\nH\u00c9L\u00c8NE CANTIN, violino (Francia)<br \/>\nJEAN\u2010LUC PERROT, harmonium (Francia)<\/p>\n<p>Sabato 6 settembre ore 17.30<br \/>\nVIGUZZOLO, chiesa parrocchiale<br \/>\nMONTSERRAT TORRENT SERRA, organo (Spagna)<\/p>\n<p>Domenica 7 settembre ore 18<br \/>\nOVADA, Oratorio dell&#8217;Annunziata<br \/>\nVERENA STEFFEN, flauto (Svizzera)<br \/>\nOLIVIER EISENMANN, organo (Svizzera)<\/p>\n<p>Venerd\u00ec 12 settembre ore 21<br \/>\nALESSANDRIA, chiesa di San Giovanni Evangelista (quartiere Cristo)<br \/>\nLUIGI RICCO, organo<br \/>\n\u201cBossi scrive, scrive e trascrive\u201d<br \/>\nIl compositore, l\u2019esecutore, il didatta.<br \/>\nMusiche, testimonianze e corrispondenze epistolari illustri.<\/p>\n<p>Sabato 13 settembre ore 21<br \/>\nSERRAVALLE SCRIVIA, chiesa parrocchiale<br \/>\nCHIARA CABRAS, soprano<br \/>\nUGO SPANU, organo<\/p>\n<p>Domenica 14 settembre ore 16<br \/>\nRIVANAZZANO, Oratorio della Trinit\u00e0<br \/>\nCORO GREGORIANO \u201cHAEC DIES\u201d<br \/>\nEZIO AIMASSO, direzione<br \/>\nLETIZIA ROMITI, organo<\/p>\n<p>Sabato 20 settembre ore 18<br \/>\nTORTONA, Santuario Madonna della Guardia<br \/>\nMAURIZIO CADOSSI, violino<br \/>\nLUCA BENEDICTI, organo<br \/>\nDedicato a Paolo Perduca<\/p>\n<p>Sabato 27 settembre ore 18.30<br \/>\nSAN SALVATORE MONFERRATO, chiesa parrocchiale<br \/>\nCARLO MONTALENTI, organo<\/p>\n<p>Sabato 11 ottobre ore 18<br \/>\nBOSCO MARENGO, Chiesa di Santa Croce e Ognissanti<br \/>\nLETIZIA ROMITI, organo<br \/>\nConcerto a conclusione del ripristino dell&#8217;organo<br \/>\n\u201cPaulus Moleninus \u2013 Bianchi Cav. Camillo Guglielmo\u201d<\/p>\n<p>Domenica 19 ottobre ore 15.30<br \/>\nCASTELLAZZO BORMIDA, chiesa di San Carlo<br \/>\nRAFFAELLA MAZZELLA, soprano<br \/>\nDANIELA SCAVIO, organo<\/p>\n<p><a href=\"http:\/\/www.amicidellorgano.org\/wp-content\/uploads\/concerti2025\/programma-2025.pdf\">programma 2025<\/a><\/p>\n<ul class=\"display-posts-listing\"><li class=\"listing-item\"><a class=\"title\" href=\"https:\/\/www.amicidellorgano.org\/index.php\/2025\/10\/16\/concerto-di-raffaella-mazzella-e-daniela-scavio-19-ottobre-2025\/\">Concerto di Raffaella Mazzella e Daniela Scavio &#8211; 19 ottobre 2025<\/a><\/li><li class=\"listing-item\"><a class=\"title\" href=\"https:\/\/www.amicidellorgano.org\/index.php\/2025\/10\/11\/concerto-di-luigi-ricco-12-ottobre-2025\/\">Concerto di Luigi Ricco &#8211; 12 ottobre 2025<\/a><\/li><li class=\"listing-item\"><a class=\"title\" href=\"https:\/\/www.amicidellorgano.org\/index.php\/2025\/10\/07\/concerto-di-letizia-romiti-11-ottobre-2025\/\">Concerto di Letizia Romiti &#8211; 11 ottobre 2025<\/a><\/li><li class=\"listing-item\"><a class=\"title\" href=\"https:\/\/www.amicidellorgano.org\/index.php\/2025\/09\/24\/concerto-di-carlo-montalenti-27-settembre-2025\/\">Concerto di Carlo Montalenti &#8211; 27 settembre 2025<\/a><\/li><li class=\"listing-item\"><a class=\"title\" href=\"https:\/\/www.amicidellorgano.org\/index.php\/2025\/09\/17\/concerto-di-maurizio-cadossi-e-luca-benedicti-20-settembre-2025\/\">Concerto di Maurizio Cadossi e Luca Benedicti &#8211; 20 settembre 2025<\/a><\/li><li class=\"listing-item\"><a class=\"title\" href=\"https:\/\/www.amicidellorgano.org\/index.php\/2025\/09\/13\/concerto-coro-gregoriano-haec-dies-14-settembre-2025\/\">Concerto coro gregoriano Haec Dies &#8211; 14 settembre 2025<\/a><\/li><li class=\"listing-item\"><a class=\"title\" href=\"https:\/\/www.amicidellorgano.org\/index.php\/2025\/09\/09\/concerto-di-chiara-cabras-e-fabio-frigato-13-settembre-2025\/\">Concerto di Chiara Cabras e Fabio Frigato &#8211; 13 settembre 2025<\/a><\/li><li class=\"listing-item\"><a class=\"title\" href=\"https:\/\/www.amicidellorgano.org\/index.php\/2025\/09\/08\/differimento-concerto-del-12-settembre-2025-ad-alessandria\/\">Differimento concerto del 12 settembre 2025 ad Alessandria<\/a><\/li><li class=\"listing-item\"><a class=\"title\" href=\"https:\/\/www.amicidellorgano.org\/index.php\/2025\/09\/07\/concerto-di-verena-steffen-e-olivier-eisenmann-7-settembre-2025\/\">Concerto di Verena Steffen e Olivier Eisenmann &#8211; 7 settembre 2025<\/a><\/li><li class=\"listing-item\"><a class=\"title\" href=\"https:\/\/www.amicidellorgano.org\/index.php\/2025\/09\/03\/concerto-di-montserrat-torrent-serra-6-settembre-2025\/\">Concerto di Montserrat Torrent Serra &#8211; 6 settembre 2025<\/a><\/li><li class=\"listing-item\"><a class=\"title\" href=\"https:\/\/www.amicidellorgano.org\/index.php\/2025\/08\/31\/concerto-di-helene-cantin-e-jean-luc-perrot-31-agosto-2025\/\">Concerto di Helene Cantin e Jean-Luc Perrot &#8211; 31 agosto 2025<\/a><\/li><li class=\"listing-item\"><a class=\"title\" href=\"https:\/\/www.amicidellorgano.org\/index.php\/2025\/08\/12\/concerto-di-elisa-teglia-30-agosto-2025\/\">Concerto di Elisa Teglia &#8211; 30 agosto 2025<\/a><\/li><li class=\"listing-item\"><a class=\"title\" href=\"https:\/\/www.amicidellorgano.org\/index.php\/2025\/08\/04\/concerto-di-paolo-oreni-6-agosto-2025\/\">Concerto di Paolo Oreni &#8211; 6 agosto 2025<\/a><\/li><li class=\"listing-item\"><a class=\"title\" href=\"https:\/\/www.amicidellorgano.org\/index.php\/2025\/08\/02\/concerto-di-johannes-skudlik-3-agosto-2025\/\">Concerto di Johannes Skudlik &#8211; 3 agosto 2025<\/a><\/li><li class=\"listing-item\"><a class=\"title\" href=\"https:\/\/www.amicidellorgano.org\/index.php\/2025\/08\/01\/concerto-di-mauro-pavese-e-alberto-do-1-agosto-2025\/\">Concerto di Mauro Pavese e Alberto Do &#8211; 1 agosto 2025<\/a><\/li><li class=\"listing-item\"><a class=\"title\" href=\"https:\/\/www.amicidellorgano.org\/index.php\/2025\/07\/29\/concerto-di-gail-archer-29-luglio-2025\/\">Concerto di Gail Archer &#8211; 29 luglio 2025<\/a><\/li><li class=\"listing-item\"><a class=\"title\" href=\"https:\/\/www.amicidellorgano.org\/index.php\/2025\/06\/24\/primi-appuntamenti-della-stagione-di-concerti-sugli-organi-storici-2025\/\">Primi appuntamenti della Stagione di Concerti sugli Organi Storici 2025<\/a><\/li><\/ul>\n","protected":false},"excerpt":{"rendered":"<p>Il grande valore della XLVI Stagione Internazionale di Concerti sugli Organi Storici della provincia di Alessandria risiede in tanti preziosi elementi: la valorizzazione del patrimonio organario e dei luoghi che &hellip; <a href=\"https:\/\/www.amicidellorgano.org\/index.php\/2025\/06\/24\/primi-appuntamenti-della-stagione-di-concerti-sugli-organi-storici-2025\/\" class=\"more-link\">Continua la lettura di <span class=\"screen-reader-text\">Primi appuntamenti della Stagione di Concerti sugli Organi Storici 2025<\/span> <span class=\"meta-nav\">&rarr;<\/span><\/a><\/p>\n","protected":false},"author":1,"featured_media":0,"parent":0,"menu_order":0,"comment_status":"closed","ping_status":"closed","template":"","meta":{"footnotes":""},"class_list":["post-2246","page","type-page","status-publish","hentry"],"_links":{"self":[{"href":"https:\/\/www.amicidellorgano.org\/index.php\/wp-json\/wp\/v2\/pages\/2246"}],"collection":[{"href":"https:\/\/www.amicidellorgano.org\/index.php\/wp-json\/wp\/v2\/pages"}],"about":[{"href":"https:\/\/www.amicidellorgano.org\/index.php\/wp-json\/wp\/v2\/types\/page"}],"author":[{"embeddable":true,"href":"https:\/\/www.amicidellorgano.org\/index.php\/wp-json\/wp\/v2\/users\/1"}],"replies":[{"embeddable":true,"href":"https:\/\/www.amicidellorgano.org\/index.php\/wp-json\/wp\/v2\/comments?post=2246"}],"version-history":[{"count":2,"href":"https:\/\/www.amicidellorgano.org\/index.php\/wp-json\/wp\/v2\/pages\/2246\/revisions"}],"predecessor-version":[{"id":2249,"href":"https:\/\/www.amicidellorgano.org\/index.php\/wp-json\/wp\/v2\/pages\/2246\/revisions\/2249"}],"wp:attachment":[{"href":"https:\/\/www.amicidellorgano.org\/index.php\/wp-json\/wp\/v2\/media?parent=2246"}],"curies":[{"name":"wp","href":"https:\/\/api.w.org\/{rel}","templated":true}]}}