{"id":2021,"date":"2024-06-10T10:33:13","date_gmt":"2024-06-10T08:33:13","guid":{"rendered":"https:\/\/www.amicidellorgano.org\/?page_id=2021"},"modified":"2024-06-24T12:15:50","modified_gmt":"2024-06-24T10:15:50","slug":"concerti-2024","status":"publish","type":"page","link":"https:\/\/www.amicidellorgano.org\/index.php\/concerti-2024\/","title":{"rendered":"Concerti 2024"},"content":{"rendered":"<p>Da quarantacinque anni, quasi mezzo secolo, la Stagione di Concerti sugli Organi Storici caratterizza la proposta culturale della provincia di Alessandria: gli appuntamenti si presentano di grande interesse e sapranno richiamare \u2010 ne sono certo \u2010 un pubblico numeroso, attento e affezionato.<br \/>\nLa Stagione 2024 si apre, come sempre, all\u2019insegna della notevole qualit\u00e0 del programma, predisposto grazie al prezioso contributo della Professoressa Letizia Romiti, e della valorizzazione del patrimonio organario. In questo modo, ancora una volta, il fascino delle chiese della provincia di Alessandria far\u00e0 da cornice alle esecuzioni straordinariamente interpretate, offrendo agli spettatori la possibilit\u00e0 di fermare per un attimo il tempo ed immergersi nella magia della musica.<br \/>\nL\u2019iniziativa, che tocca quasi venti Comuni della provincia di Alessandria, rappresenta un importante momento di incontro e contribuisce ad esaltare la ricchezza culturale e artistica del nostro territorio. La Stagione concertistica, che propone una gamma assai variegata di cifre musicali con interpreti di livello internazionale, sar\u00e0, infatti, l\u2019occasione per conoscere meglio alcuni dei pi\u00f9 significativi edifici sacri della provincia di Alessandria: un felice abbinamento, denso di suggestioni.<br \/>\nNel ringraziare l\u2019Associazione Amici dell\u2019Organo, i Parroci e tutti coloro che hanno sostenuto questo progetto, voglio augurare buon divertimento e invitare i cittadini a seguire tutti i concerti in programma: saranno sedotti da una provincia in grado di mostrare bellezze che, forse, fino ad oggi erano loro sfuggite.<br \/>\n<strong>Presidente della Provincia di Alessandria<\/strong><\/p>\n<p>Cari amici ed appassionati di musica d&#8217;organo,<br \/>\nper celebrare i quarantacinque anni della nostra Rassegna abbiamo programmato un numero eccezionale di appuntamenti: ben diciassette concerti distribuiti su tutto il territorio provinciale pi\u00f9 uno a Mioglia, comune della provincia di Savona distante pochissimi chilometri dalla nostra provincia, nella cui chiesa parrocchiale si trova un bello strumento recentemente restaurato.<br \/>\nLa dimensione internazionale quest&#8217;anno \u00e8 ancora pi\u00f9 ampia, grazie alla presenza di diversi artisti di fama mondiale provenienti dalla Germania, dalla Svizzera, dalla Polonia, dalla Spagna e, per la prima volta, dalla Georgia e dalla Finlandia.<br \/>\nIl nostro Conservatorio \u00e8 sempre idealmente con noi, perch\u00e9 fra gli organisti c&#8217;\u00e8 chi si \u00e8 diplomato e laureato proprio al \u201cVivaldi\u201d come pure chi, pur con storie differenti, ha comunque trascorso l\u00ec numerosi anni della propria vita; ma l&#8217;evento pi\u00f9 significativo sar\u00e0 l&#8217;esibizione di un \u201cEnsemble\u201d particolare formato da polistrumentisti, due dei quali docenti del nostro Conservatorio, che proporr\u00e0 una narrazione \u2010 concerto sulla vita e sull&#8217;opera di Domenico Zipoli, nell&#8217; intento di avvicinare il pubblico ad un importante autore del nostro Settecento, con la speranza di evitare almeno questa volta che la gente alla fine esca magari contenta, ma con la sensazione di non aver capito granch\u00e9 dei brani ascoltati.<br \/>\nIn omaggio alle pari opportunit\u00e0 anche in questa nuova edizione la met\u00e0 dei concerti vedr\u00e0 in organico almeno una figura femminile, una per tutte la grande organista e musicologa Corina Marti, docente all&#8217;Accademia di Musica Antica di Basilea; una bella soddisfazione se si pensa che quarantacinque anni fa le organiste concertiste erano veramente poche, ed in Italia quasi si contavano con le dita di una sola mano&#8230;<br \/>\nAnche quest&#8217;anno avremo il piacere di ascoltare strumenti del tutto nuovi, nella chiesa di Sant&#8217;Ilario a Casale e nelle Parrocchiali di Ottiglio e Mioglia, ove figurano organi restaurati nel corso dell&#8217;anno passato, ed a questi si aggiunge il grandioso \u201cSerassi\u201d di Serravalle Scrivia, da pochi mesi riportato a nuova vita. Con grande piacere torneremo dopo numerosi anni anche a Castelnuovo Scrivia, Frugarolo e Castellar Guidobono.<br \/>\nUn grazie di cuore a tutti gli Enti sostenitori e patrocinatori, a tutte le parrocchie ed alle amministrazioni comunali coinvolte, ed a tutti voi<br \/>\n<strong>Gli Amici dell&#8217;Organo<\/strong><\/p>\n<p><strong>Calendario degli eventi<\/strong><br \/>\nVenerd\u00ec 28 giugno ore 21<br \/>\nALESSANDRIA, chiesa di San Giovanni Evangelista (quartiere Cristo)<br \/>\nGIULIANA MACCARONI e MARTINO P\u00d2RCILE, organo a quattro mani<br \/>\nConcerto in ricordo di Franco Gatti presidente onorario UISP di Alessandria<\/p>\n<p>Sabato 29 giugno ore 21<br \/>\nCASTELNUOVO SCRIVIA, chiesa dei SS. Pietro e Paolo<br \/>\nZENO BIANCHINI, organo (Italia \u2010 Germania)<br \/>\nconcerto in onore dei SS. Pietro e Paolo<\/p>\n<p>Mercoled\u00ec 10 luglio ore 20.30<br \/>\nARQUATA SCRIVIA, chiesa parrocchiale<br \/>\nDANIELA SCAVIO, organo<br \/>\nConcerto nell&#8217;anniversario della scomparsa del parroco don Lino Piccinini<\/p>\n<p>Domenica 14 luglio ore 21<br \/>\nCASALE MONFERRATO, chiesa di Sant&#8217;Ilario<br \/>\nFABIO RE, organo<\/p>\n<p>Luned\u00ec 15 luglio ore 21<br \/>\nALESSANDRIA, chiesa Nostra Signora del Carmine<br \/>\nNORBERT ITRICH, sassofono (Polonia)<br \/>\nIVAN SARAJISHVILI, organo (Georgia)<\/p>\n<p>Domenica 21 luglio ore 18<br \/>\nNOVI LIGURE, Basilica della Maddalena<br \/>\nMICHAL GONDKO, liuto (Polonia)<br \/>\nCORINA MARTI, organo (Svizzera)<\/p>\n<p>Sabato 27 luglio ore 21.30<br \/>\nCASTELSPINA, chiesa parrocchiale<br \/>\nLETIZIA ROMITI, organo<\/p>\n<p>Domenica 28 luglio ore 17<br \/>\nGRONDONA, chiesa parrocchiale<br \/>\nEnsemble \u201cSEICENTO STRAVAGANTE\u201c<br \/>\nROSSELLA CROCE, violino<br \/>\nDAVID BRUTTI, cornetto e cornetto muto<br \/>\nNICOLA LAMON, organo<\/p>\n<p>Domenica 4 agosto ore 17<br \/>\nOTTIGLIO, chiesa parrocchiale<br \/>\nMARIO VALSECCHI, organo<\/p>\n<p>Sabato 24 agosto ore 21<br \/>\nMIOGLIA, chiesa parrocchiale<br \/>\nEnsemble \u201cANIMA MUSICES\u201d<br \/>\nDORALICE MINGHETTI, ocarina<br \/>\nGIUSEPPE MONARI, organo<\/p>\n<p>Domenica 1 settembre ore 16.30<br \/>\nVOLTAGGIO, Oratorio del Gonfalone<br \/>\n\u201cI MUSICI DELLA SERENISSIMA\u201d<br \/>\nMARIANNA PRIZZON, soprano<br \/>\nCLAUDIO GASPARONI, viola da gamba<br \/>\nLORENZO MARZONA, organo<\/p>\n<p>Gioved\u00ec 5 settembre ore 21<br \/>\nSPIGNO MONFERRATO, chiesa parrocchiale<br \/>\nANGEL HORTAS, organo (Spagna)<\/p>\n<p>Venerd\u00ec 6 settembre ore 21<br \/>\nSERRAVALLE SCRIVIA, chiesa parrocchiale<br \/>\nANGEL HORTAS, organo (Spagna)<\/p>\n<p>Sabato 7 settembre ore 18<br \/>\nTORTONA, Santuario Madonna della Guardia<br \/>\nTUOMAS PYRH\u00d6NEN, organo (Finlandia)<br \/>\nDedicato a Paolo Perduca<\/p>\n<p>Domenica 8 settembre ore 17.30<br \/>\nCASTELLAR GUIDOBONO, chiesa parrocchiale<br \/>\nEnsemble \u201cSPIRITOSI AFFETTI\u201d<br \/>\nSILVIO ROSI, voce, tiorba, chitarrino, chitarra barocca, colascione<br \/>\nMASSIMO LOMBARDI, liuto, tiorba, vihuela, chitarra rinascimentale e barocca, oud<br \/>\nDONATO SANSONE, flauti dolci, chalumeau, colascione, charango, percussioni<br \/>\nDANIELE BOCCACCIO, organo e cembalo<br \/>\nconcerto-narrazione sulla vita di Domenico Zipoli<\/p>\n<p>Venerd\u00ec 13 settembre ore 21<br \/>\nFRUGAROLO, chiesa parrocchiale<br \/>\nIRENE DE RUVO, organo<\/p>\n<p>Sabato 14 settembre ore 18.30<br \/>\nSAN SALVATORE MONFERRATO, chiesa parrocchiale<br \/>\nFRANCESCO CANEVA, organo<\/p>\n<p>Domenica 15 settembre ore 18<br \/>\nOVADA, Oratorio dell&#8217;Annunziata<br \/>\nROBERTA TRIBOCCO, flauto traverso<br \/>\nMANUELE BARALE, organo<strong><br \/>\n<\/strong><\/p>\n<p><a href=\"http:\/\/www.amicidellorgano.org\/wp-content\/uploads\/concerti2024\/libretto-2024.pdf\">Programma 2024<\/a><\/p>\n<ul class=\"display-posts-listing\"><li class=\"listing-item\"><a class=\"title\" href=\"https:\/\/www.amicidellorgano.org\/index.php\/2024\/09\/15\/concerto-roberta-tribocco-manuele-barale-15-settembre-2024\/\">Concerto Roberta Tribocco, Manuele Barale &#8211; 15 settembre 2024<\/a><\/li><li class=\"listing-item\"><a class=\"title\" href=\"https:\/\/www.amicidellorgano.org\/index.php\/2024\/09\/14\/concerto-francesco-caneva-14-settembre-2024\/\">Concerto Francesco Caneva &#8211; 14 settembre 2024<\/a><\/li><li class=\"listing-item\"><a class=\"title\" href=\"https:\/\/www.amicidellorgano.org\/index.php\/2024\/09\/11\/concerto-irene-de-ruvo-13-settembre-2024\/\">Concerto Irene De Ruvo &#8211; 13 settembre 2024<\/a><\/li><li class=\"listing-item\"><a class=\"title\" href=\"https:\/\/www.amicidellorgano.org\/index.php\/2024\/09\/08\/concerto-ensemble-spiritosi-affetti-8-settembre-2024\/\">Concerto Ensemble SPIRITOSI AFFETTI &#8211; 8 settembre 2024<\/a><\/li><li class=\"listing-item\"><a class=\"title\" href=\"https:\/\/www.amicidellorgano.org\/index.php\/2024\/09\/07\/concerto-tuomas-pyrhonen-7-settembre-2024\/\">Concerto Tuomas Pyrhonen &#8211; 7 settembre 2024<\/a><\/li><li class=\"listing-item\"><a class=\"title\" href=\"https:\/\/www.amicidellorgano.org\/index.php\/2024\/09\/06\/concerto-angel-hortas-6-settembre-2024\/\">Concerto Angel Hortas &#8211; 6 settembre 2024<\/a><\/li><li class=\"listing-item\"><a class=\"title\" href=\"https:\/\/www.amicidellorgano.org\/index.php\/2024\/09\/03\/concerto-angel-hortas-5-settembre-2024\/\">Concerto Angel Hortas &#8211; 5 settembre 2024<\/a><\/li><li class=\"listing-item\"><a class=\"title\" href=\"https:\/\/www.amicidellorgano.org\/index.php\/2024\/08\/27\/concerto-i-musici-delle-serenissima-1-settembre-2024\/\">Concerto I Musici delle Serenissima &#8211; 1 settembre 2024<\/a><\/li><li class=\"listing-item\"><a class=\"title\" href=\"https:\/\/www.amicidellorgano.org\/index.php\/2024\/08\/09\/concerto-ensemble-anima-musices-24-agosto-2024\/\">Concerto Ensemble Anima Musices &#8211; 24 agosto 2024<\/a><\/li><li class=\"listing-item\"><a class=\"title\" href=\"https:\/\/www.amicidellorgano.org\/index.php\/2024\/07\/29\/concerto-mario-valsecchi-4-agosto-2024\/\">Concerto Mario Valsecchi &#8211; 4 agosto 2024<\/a><\/li><li class=\"listing-item\"><a class=\"title\" href=\"https:\/\/www.amicidellorgano.org\/index.php\/2024\/07\/22\/concerto-ensemble-seicento-stravagante-28-luglio-2024\/\">Concerto Ensemble SEICENTO STRAVAGANTE &#8211; 28 luglio 2024<\/a><\/li><li class=\"listing-item\"><a class=\"title\" href=\"https:\/\/www.amicidellorgano.org\/index.php\/2024\/07\/22\/concerto-letizia-romiti-27-luglio-2024\/\">Concerto Letizia Romiti &#8211; 27 luglio 2024<\/a><\/li><li class=\"listing-item\"><a class=\"title\" href=\"https:\/\/www.amicidellorgano.org\/index.php\/2024\/07\/16\/concerto-michal-gondko-corina-marti-21-luglio-2024\/\">Concerto Michal Gondko, Corina Marti &#8211; 21 luglio 2024<\/a><\/li><li class=\"listing-item\"><a class=\"title\" href=\"https:\/\/www.amicidellorgano.org\/index.php\/2024\/07\/15\/concerto-fabio-re-14-luglio-2024\/\">Concerto Norbert Itrich Ivan Sarajishvili &#8211; 15 luglio 2024<\/a><\/li><li class=\"listing-item\"><a class=\"title\" href=\"https:\/\/www.amicidellorgano.org\/index.php\/2024\/07\/11\/concerto-fabio-re-14-luglio-2024-2\/\">Concerto Fabio Re &#8211; 14 luglio 2024<\/a><\/li><li class=\"listing-item\"><a class=\"title\" href=\"https:\/\/www.amicidellorgano.org\/index.php\/2024\/07\/02\/concerto-daniela-scavio-10-luglio-2024\/\">Concerto Daniela Scavio &#8211; 10 luglio 2024<\/a><\/li><li class=\"listing-item\"><a class=\"title\" href=\"https:\/\/www.amicidellorgano.org\/index.php\/2024\/06\/29\/concerto-zeno-bianchini-29-giugno-2024\/\">Concerto Zeno Bianchini &#8211; 29 giugno 2024<\/a><\/li><li class=\"listing-item\"><a class=\"title\" href=\"https:\/\/www.amicidellorgano.org\/index.php\/2024\/06\/26\/concerto-giuliana-maccaroni-martino-porcile-28-giugno-2024\/\">Concerto Giuliana Maccaroni Martino P\u00f2rcile &#8211; 28 giugno 2024<\/a><\/li><li class=\"listing-item\"><a class=\"title\" href=\"https:\/\/www.amicidellorgano.org\/index.php\/2024\/06\/24\/al-via-il-28-giugno-la-rassegna-internazionale-di-concerti-sugli-organi-storici-della-provincia\/\">Al via il 28 giugno la rassegna internazionale di concerti sugli organi storici della provincia<\/a><\/li><li class=\"listing-item\"><a class=\"title\" href=\"https:\/\/www.amicidellorgano.org\/index.php\/2024\/06\/10\/in-partenza-la-quarantacinquesima-edizione-della-stagione-internazionale-di-concerti-sugli-organi-storici\/\">In partenza la Quarantacinquesima edizione della Stagione internazionale di concerti sugli organi storici<\/a><\/li><\/ul>\n","protected":false},"excerpt":{"rendered":"<p>Da quarantacinque anni, quasi mezzo secolo, la Stagione di Concerti sugli Organi Storici caratterizza la proposta culturale della provincia di Alessandria: gli appuntamenti si presentano di grande interesse e sapranno &hellip; <a href=\"https:\/\/www.amicidellorgano.org\/index.php\/2024\/06\/10\/in-partenza-la-quarantacinquesima-edizione-della-stagione-internazionale-di-concerti-sugli-organi-storici\/\" class=\"more-link\">Continua la lettura di <span class=\"screen-reader-text\">In partenza la Quarantacinquesima edizione della Stagione internazionale di concerti sugli organi storici<\/span> <span class=\"meta-nav\">&rarr;<\/span><\/a><\/p>\n","protected":false},"author":1,"featured_media":0,"parent":0,"menu_order":0,"comment_status":"closed","ping_status":"closed","template":"","meta":{"footnotes":""},"class_list":["post-2021","page","type-page","status-publish","hentry"],"_links":{"self":[{"href":"https:\/\/www.amicidellorgano.org\/index.php\/wp-json\/wp\/v2\/pages\/2021"}],"collection":[{"href":"https:\/\/www.amicidellorgano.org\/index.php\/wp-json\/wp\/v2\/pages"}],"about":[{"href":"https:\/\/www.amicidellorgano.org\/index.php\/wp-json\/wp\/v2\/types\/page"}],"author":[{"embeddable":true,"href":"https:\/\/www.amicidellorgano.org\/index.php\/wp-json\/wp\/v2\/users\/1"}],"replies":[{"embeddable":true,"href":"https:\/\/www.amicidellorgano.org\/index.php\/wp-json\/wp\/v2\/comments?post=2021"}],"version-history":[{"count":7,"href":"https:\/\/www.amicidellorgano.org\/index.php\/wp-json\/wp\/v2\/pages\/2021\/revisions"}],"predecessor-version":[{"id":2044,"href":"https:\/\/www.amicidellorgano.org\/index.php\/wp-json\/wp\/v2\/pages\/2021\/revisions\/2044"}],"wp:attachment":[{"href":"https:\/\/www.amicidellorgano.org\/index.php\/wp-json\/wp\/v2\/media?parent=2021"}],"curies":[{"name":"wp","href":"https:\/\/api.w.org\/{rel}","templated":true}]}}